{"id":305,"date":"2019-11-07T20:27:49","date_gmt":"2019-11-08T01:27:49","guid":{"rendered":"https:\/\/www.fundacionchisua.org\/web\/?page_id=305"},"modified":"2021-07-29T12:42:34","modified_gmt":"2021-07-29T17:42:34","slug":"mochilas-de-paz","status":"publish","type":"page","link":"https:\/\/www.fundacionchisua.org\/web\/mochilas-de-paz\/","title":{"rendered":"MOCHILAS DE PAZ"},"content":{"rendered":"<p>[et_pb_section fb_built=\u00bb1&#8243; fullwidth=\u00bbon\u00bb admin_label=\u00bbHero\u00bb _builder_version=\u00bb4.0.4&#8243; background_enable_image=\u00bboff\u00bb parallax=\u00bbon\u00bb top_divider_style=\u00bbclouds2&#8243; top_divider_color=\u00bbrgba(255,255,255,0.3)\u00bb top_divider_height=\u00bb100%\u00bb bottom_divider_height=\u00bb30px\u00bb][et_pb_fullwidth_header subhead=\u00bbMOCHILAS DE PAZ\u00bb text_orientation=\u00bbcenter\u00bb button_one_text=\u00bbCont\u00e1ctenos\u00bb button_one_url=\u00bbhttps:\/\/www.fundacionchisua.org\/web\/contactenos\/\u00bb _builder_version=\u00bb4.0.4&#8243; title_level=\u00bbh2&#8243; title_font=\u00bbRubik|700||on|||||\u00bb title_text_color=\u00bb#ff7355&#8243; title_font_size=\u00bb16px\u00bb title_letter_spacing=\u00bb5px\u00bb title_line_height=\u00bb2em\u00bb content_font=\u00bbRubik||||||||\u00bb content_font_size=\u00bb18px\u00bb content_line_height=\u00bb2em\u00bb subhead_font=\u00bbRubik|700|||||||\u00bb subhead_text_color=\u00bbrgba(0,0,0,0.8)\u00bb subhead_font_size=\u00bb50px\u00bb subhead_line_height=\u00bb1.4em\u00bb background_color=\u00bbrgba(255,255,255,0)\u00bb use_background_color_gradient=\u00bbon\u00bb background_color_gradient_start=\u00bbrgba(255,255,255,0.7)\u00bb background_color_gradient_end=\u00bb#ffffff\u00bb background_size=\u00bbcontain\u00bb background_position=\u00bbbottom_center\u00bb custom_button_one=\u00bbon\u00bb button_one_text_size=\u00bb16px\u00bb button_one_text_color=\u00bb#ffffff\u00bb button_one_bg_color=\u00bb#ff7355&#8243; button_one_border_width=\u00bb15px\u00bb button_one_border_color=\u00bbrgba(210,159,104,0)\u00bb button_one_border_radius=\u00bb100px\u00bb button_one_letter_spacing=\u00bb0px\u00bb button_one_font=\u00bbRubik|700|||||||\u00bb button_one_use_icon=\u00bboff\u00bb custom_button_two=\u00bbon\u00bb button_two_text_size=\u00bb16px\u00bb button_two_text_color=\u00bb#ffffff\u00bb button_two_bg_color=\u00bbrgba(0,0,0,0.6)\u00bb button_two_border_width=\u00bb15px\u00bb button_two_border_color=\u00bbrgba(210,159,104,0)\u00bb button_two_border_radius=\u00bb100px\u00bb button_two_letter_spacing=\u00bb0px\u00bb button_two_font=\u00bbRubik|700|||||||\u00bb button_two_use_icon=\u00bboff\u00bb background_layout=\u00bblight\u00bb custom_margin=\u00bb|||\u00bb custom_padding=\u00bb8vw||0vw|||\u00bb animation_style=\u00bbslide\u00bb animation_direction=\u00bbbottom\u00bb animation_intensity_slide=\u00bb1%\u00bb subhead_font_size_tablet=\u00bb\u00bb subhead_font_size_phone=\u00bb30px\u00bb subhead_font_size_last_edited=\u00bbon|phone\u00bb button_one_border_radius_hover=\u00bb100px\u00bb button_two_border_radius_hover=\u00bb100px\u00bb button_one_bg_color_hover=\u00bb#ff8a70&#8243; button_two_bg_color_hover=\u00bb#ff8a70&#8243; button_one_text_size__hover_enabled=\u00bboff\u00bb button_two_text_size__hover_enabled=\u00bboff\u00bb button_one_text_color__hover_enabled=\u00bboff\u00bb button_two_text_color__hover_enabled=\u00bboff\u00bb button_one_border_width__hover_enabled=\u00bboff\u00bb button_two_border_width__hover_enabled=\u00bboff\u00bb button_one_border_color__hover_enabled=\u00bboff\u00bb button_two_border_color__hover_enabled=\u00bboff\u00bb button_one_border_radius__hover_enabled=\u00bbon\u00bb button_one_border_radius__hover=\u00bb100px\u00bb button_two_border_radius__hover_enabled=\u00bbon\u00bb button_two_border_radius__hover=\u00bb100px\u00bb button_one_letter_spacing__hover_enabled=\u00bboff\u00bb button_two_letter_spacing__hover_enabled=\u00bboff\u00bb button_one_bg_color__hover_enabled=\u00bbon\u00bb button_one_bg_color__hover=\u00bb#ff8a70&#8243; button_two_bg_color__hover_enabled=\u00bbon\u00bb button_two_bg_color__hover=\u00bb#ff8a70&#8243;][\/et_pb_fullwidth_header][\/et_pb_section][et_pb_section fb_built=\u00bb1&#8243; fullwidth=\u00bbon\u00bb _builder_version=\u00bb4.0.4&#8243;][et_pb_fullwidth_slider _builder_version=\u00bb4.0.4&#8243; use_background_color_gradient=\u00bbon\u00bb background_color_gradient_start=\u00bb#facf7b\u00bb background_color_gradient_end=\u00bbrgba(250,207,123,0.66)\u00bb min_height=\u00bb384px\u00bb custom_padding=\u00bb||361px|||\u00bb hover_enabled=\u00bb0&#8243;][et_pb_slide _builder_version=\u00bb4.0.4&#8243; background_enable_color=\u00bboff\u00bb background_image=\u00bbhttps:\/\/www.fundacionchisua.org\/web\/wp-content\/uploads\/2020\/02\/mochilas-de-paz-fundacion-chisua8.jpg\u00bb background_enable_image=\u00bbon\u00bb][\/et_pb_slide][et_pb_slide _builder_version=\u00bb4.0.4&#8243; background_enable_color=\u00bboff\u00bb background_image=\u00bbhttps:\/\/www.fundacionchisua.org\/web\/wp-content\/uploads\/2020\/02\/mochilas-de-paz-fundacion-chisua3-3.jpg\u00bb background_enable_image=\u00bbon\u00bb][\/et_pb_slide][et_pb_slide _builder_version=\u00bb4.0.4&#8243; background_enable_color=\u00bboff\u00bb background_image=\u00bbhttps:\/\/www.fundacionchisua.org\/web\/wp-content\/uploads\/2020\/02\/mochilas-de-paz-fundacion-chisua4-3.jpg\u00bb background_enable_image=\u00bbon\u00bb][\/et_pb_slide][\/et_pb_fullwidth_slider][\/et_pb_section][et_pb_section fb_built=\u00bb1&#8243; admin_label=\u00bbPrograms\u00bb _builder_version=\u00bb4.0.4&#8243; background_color=\u00bb#facf7b\u00bb background_enable_image=\u00bboff\u00bb background_size=\u00bbinitial\u00bb background_blend=\u00bbluminosity\u00bb custom_padding=\u00bb0px|0px|0px|0px|true|false\u00bb][et_pb_row _builder_version=\u00bb4.0.4&#8243;][et_pb_column type=\u00bb4_4&#8243; _builder_version=\u00bb4.0.4&#8243; custom_padding=\u00bb|||\u00bb custom_padding__hover=\u00bb|||\u00bb][et_pb_text _builder_version=\u00bb4.0.4&#8243; text_font=\u00bbRubik|500|||||||\u00bb text_text_color=\u00bb#ffffff\u00bb text_font_size=\u00bb16px\u00bb text_line_height=\u00bb2em\u00bb header_font=\u00bb||||||||\u00bb header_text_color=\u00bb#000000&#8243; header_2_font=\u00bbRubik|700|||||||\u00bb header_2_font_size=\u00bb40px\u00bb header_2_line_height=\u00bb1.4em\u00bb header_5_font=\u00bbRubik|700||on|||||\u00bb header_5_text_color=\u00bb#2b76df\u00bb header_5_letter_spacing=\u00bb5px\u00bb header_5_line_height=\u00bb1.5em\u00bb text_orientation=\u00bbcenter\u00bb max_width=\u00bb972px\u00bb module_alignment=\u00bbcenter\u00bb custom_margin=\u00bb||-28px|||\u00bb custom_margin_tablet=\u00bb0px|||\u00bb custom_margin_last_edited=\u00bboff|desktop\u00bb text_line_height_last_edited=\u00bboff|desktop\u00bb header_2_font_size_tablet=\u00bb\u00bb header_2_font_size_phone=\u00bb30px\u00bb header_2_font_size_last_edited=\u00bbon|phone\u00bb]<\/p>\n<h2><span style=\"color: #000000;\">Es un proyecto en el que confluyen iniciativas educativas para generar ambientes de reconciliaci\u00f3n, reparaci\u00f3n simb\u00f3lica, no repetici\u00f3n y de construcci\u00f3n de memoria hist\u00f3rica, dirigidos al fomento de culturas de paz en estos tiempos de pos-acuerdo.<\/span><\/h2>\n<p>&nbsp;<\/p>\n<p>[\/et_pb_text][\/et_pb_column][\/et_pb_row][\/et_pb_section][et_pb_section fb_built=\u00bb1&#8243; _builder_version=\u00bb4.0.4&#8243; custom_padding=\u00bb||34px|||\u00bb][et_pb_row _builder_version=\u00bb4.0.4&#8243;][et_pb_column type=\u00bb4_4&#8243; _builder_version=\u00bb4.0.4&#8243;][et_pb_gallery gallery_ids=\u00bb869,870,871,872&#8243; _builder_version=\u00bb4.0.4&#8243; title_font_size=\u00bb0px\u00bb][\/et_pb_gallery][\/et_pb_column][\/et_pb_row][\/et_pb_section][et_pb_section fb_built=\u00bb1&#8243; _builder_version=\u00bb4.0.4&#8243; custom_padding=\u00bb1px||45px|||\u00bb][et_pb_row _builder_version=\u00bb4.0.4&#8243; width=\u00bb100%\u00bb max_width=\u00bb1570px\u00bb][et_pb_column type=\u00bb4_4&#8243; _builder_version=\u00bb4.0.4&#8243;][et_pb_text _builder_version=\u00bb4.0.4&#8243; text_font=\u00bbRubik|500|||||||\u00bb text_font_size=\u00bb16px\u00bb text_line_height=\u00bb2em\u00bb header_font=\u00bb||||||||\u00bb header_2_font=\u00bbRubik|700|||||||\u00bb header_2_font_size=\u00bb40px\u00bb header_2_line_height=\u00bb1.4em\u00bb header_5_font=\u00bbRubik|700||on|||||\u00bb header_5_text_color=\u00bb#2b76df\u00bb header_5_letter_spacing=\u00bb5px\u00bb header_5_line_height=\u00bb1.5em\u00bb text_orientation=\u00bbcenter\u00bb max_width=\u00bb1300px\u00bb module_alignment=\u00bbcenter\u00bb custom_margin=\u00bb|||\u00bb custom_margin_tablet=\u00bb0px|||\u00bb custom_margin_last_edited=\u00bboff|desktop\u00bb custom_padding=\u00bb||4px|||\u00bb text_line_height_last_edited=\u00bboff|desktop\u00bb header_2_font_size_tablet=\u00bb\u00bb header_2_font_size_phone=\u00bb30px\u00bb header_2_font_size_last_edited=\u00bbon|phone\u00bb locked=\u00bboff\u00bb]<\/p>\n<h2>Creemos firmemente que las <em>pedagog\u00edas colectivas para la paz<\/em> aportan significativamente a la restauraci\u00f3n del tejido social de las comunidades desde propuestas ciudadanas fundamentadas en el arte, el empoderamiento cultural, las cartograf\u00edas sociales y la recuperaci\u00f3n de los saberes, relatos y tradiciones diversas de ni\u00f1os, ni\u00f1as, j\u00f3venes, mujeres, abuelos y comunidades.<\/h2>\n<p>[\/et_pb_text][et_pb_image src=\u00bbhttps:\/\/www.fundacionchisua.org\/web\/wp-content\/uploads\/2019\/11\/mochilas-chisua.jpeg\u00bb align=\u00bbcenter\u00bb _builder_version=\u00bb4.0.4&#8243;][\/et_pb_image][\/et_pb_column][\/et_pb_row][\/et_pb_section][et_pb_section fb_built=\u00bb1&#8243; admin_label=\u00bbPrograms\u00bb _builder_version=\u00bb3.22&#8243; background_size=\u00bbinitial\u00bb custom_padding=\u00bb0px|0px|0px|0px|true|false\u00bb][et_pb_row admin_label=\u00bbTitle Row\u00bb _builder_version=\u00bb3.25&#8243; custom_padding=\u00bb0px|||||\u00bb][et_pb_column type=\u00bb4_4&#8243; _builder_version=\u00bb3.25&#8243; custom_padding=\u00bb|||\u00bb custom_padding__hover=\u00bb|||\u00bb][et_pb_text _builder_version=\u00bb3.27.4&#8243; text_font=\u00bbRubik|500|||||||\u00bb text_font_size=\u00bb16px\u00bb text_line_height=\u00bb2em\u00bb header_font=\u00bb||||||||\u00bb header_2_font=\u00bbRubik|700|||||||\u00bb header_2_font_size=\u00bb40px\u00bb header_2_line_height=\u00bb1.4em\u00bb header_5_font=\u00bbRubik|700||on|||||\u00bb header_5_text_color=\u00bb#2b76df\u00bb header_5_letter_spacing=\u00bb5px\u00bb header_5_line_height=\u00bb1.5em\u00bb text_orientation=\u00bbcenter\u00bb max_width=\u00bb1129px\u00bb module_alignment=\u00bbcenter\u00bb custom_margin=\u00bb|||\u00bb custom_margin_tablet=\u00bb0px|||\u00bb custom_margin_last_edited=\u00bboff|desktop\u00bb custom_padding=\u00bb||4px|||\u00bb text_line_height_last_edited=\u00bboff|desktop\u00bb header_2_font_size_tablet=\u00bb\u00bb header_2_font_size_phone=\u00bb30px\u00bb header_2_font_size_last_edited=\u00bbon|phone\u00bb]<\/p>\n<h2><span>Mochilas de paz, le apuesta a trazar un sinn\u00famero de caminos para volver a recuperar la confianza en modos de convivir m\u00e1s dignos e incluyentes, que hagan frente a las formas de discriminaci\u00f3n, exclusi\u00f3n y segregaci\u00f3n tan acostumbradas en las ecolog\u00edas violentas cotidianas. De esta manera nos comprometemos con la vivencia de valores y entornos m\u00e1s humanos, creativos, democr\u00e1ticos y pluralistas.<\/span><\/h2>\n<p>[\/et_pb_text][\/et_pb_column][\/et_pb_row][\/et_pb_section]<\/p>\n","protected":false},"excerpt":{"rendered":"<p>Es un proyecto en el que confluyen iniciativas educativas para generar ambientes de reconciliaci\u00f3n, reparaci\u00f3n simb\u00f3lica, no repetici\u00f3n y de construcci\u00f3n de memoria hist\u00f3rica, dirigidos al fomento de culturas de paz en estos tiempos de pos-acuerdo. &nbsp;Creemos firmemente que las pedagog\u00edas colectivas para la paz aportan significativamente a la restauraci\u00f3n del tejido social de las [&hellip;]<\/p>\n","protected":false},"author":1,"featured_media":0,"parent":0,"menu_order":0,"comment_status":"closed","ping_status":"closed","template":"","meta":{"_et_pb_use_builder":"on","_et_pb_old_content":"","_et_gb_content_width":"","footnotes":""},"_links":{"self":[{"href":"https:\/\/www.fundacionchisua.org\/web\/wp-json\/wp\/v2\/pages\/305"}],"collection":[{"href":"https:\/\/www.fundacionchisua.org\/web\/wp-json\/wp\/v2\/pages"}],"about":[{"href":"https:\/\/www.fundacionchisua.org\/web\/wp-json\/wp\/v2\/types\/page"}],"author":[{"embeddable":true,"href":"https:\/\/www.fundacionchisua.org\/web\/wp-json\/wp\/v2\/users\/1"}],"replies":[{"embeddable":true,"href":"https:\/\/www.fundacionchisua.org\/web\/wp-json\/wp\/v2\/comments?post=305"}],"version-history":[{"count":18,"href":"https:\/\/www.fundacionchisua.org\/web\/wp-json\/wp\/v2\/pages\/305\/revisions"}],"predecessor-version":[{"id":1486,"href":"https:\/\/www.fundacionchisua.org\/web\/wp-json\/wp\/v2\/pages\/305\/revisions\/1486"}],"wp:attachment":[{"href":"https:\/\/www.fundacionchisua.org\/web\/wp-json\/wp\/v2\/media?parent=305"}],"curies":[{"name":"wp","href":"https:\/\/api.w.org\/{rel}","templated":true}]}}