{"id":383,"date":"2019-11-08T17:25:54","date_gmt":"2019-11-08T22:25:54","guid":{"rendered":"https:\/\/www.fundacionchisua.org\/web\/?page_id=383"},"modified":"2024-06-25T02:10:46","modified_gmt":"2024-06-25T07:10:46","slug":"inicio","status":"publish","type":"page","link":"https:\/\/www.fundacionchisua.org\/web\/","title":{"rendered":"Inicio"},"content":{"rendered":"<p>[et_pb_section fb_built=\u00bb1&#8243; fullwidth=\u00bbon\u00bb admin_label=\u00bbHero\u00bb _builder_version=\u00bb4.0.4&#8243; background_image=\u00bbhttps:\/\/www.fundacionchisua.org\/web\/wp-content\/uploads\/2019\/11\/proyecto-mochilas-de-paz.jpg\u00bb top_divider_style=\u00bbclouds2&#8243; top_divider_color=\u00bbrgba(255,255,255,0.06)\u00bb top_divider_height=\u00bb30%\u00bb][et_pb_fullwidth_header subhead=\u00bbFUNDACI\u00d3N CHISUA\u00bb text_orientation=\u00bbcenter\u00bb header_scroll_down=\u00bbon\u00bb scroll_down_icon_color=\u00bb#facf7b\u00bb background_overlay_color=\u00bbrgba(12,12,12,0.7)\u00bb _builder_version=\u00bb4.0.4&#8243; title_level=\u00bbh2&#8243; title_font=\u00bbRubik|700||on|||||\u00bb title_text_color=\u00bb#000000&#8243; title_font_size=\u00bb16px\u00bb title_letter_spacing=\u00bb5px\u00bb title_line_height=\u00bb2em\u00bb content_font=\u00bbRubik||||||||\u00bb content_text_color=\u00bb#facf7b\u00bb content_font_size=\u00bb18px\u00bb content_line_height=\u00bb2em\u00bb subhead_font=\u00bbRubik|700|||||||\u00bb subhead_text_color=\u00bb#facf7b\u00bb subhead_font_size=\u00bb50px\u00bb subhead_line_height=\u00bb1.4em\u00bb background_enable_color=\u00bboff\u00bb background_enable_image=\u00bboff\u00bb custom_button_one=\u00bbon\u00bb button_one_text_size=\u00bb16px\u00bb button_one_text_color=\u00bb#ffffff\u00bb button_one_bg_color=\u00bb#ff7355&#8243; button_one_border_width=\u00bb15px\u00bb button_one_border_color=\u00bbrgba(210,159,104,0)\u00bb button_one_border_radius=\u00bb100px\u00bb button_one_letter_spacing=\u00bb0px\u00bb button_one_font=\u00bbRubik|700|||||||\u00bb button_one_use_icon=\u00bboff\u00bb custom_button_two=\u00bbon\u00bb button_two_text_size=\u00bb16px\u00bb button_two_text_color=\u00bb#ffffff\u00bb button_two_bg_color=\u00bbrgba(0,0,0,0.6)\u00bb button_two_border_width=\u00bb15px\u00bb button_two_border_color=\u00bbrgba(210,159,104,0)\u00bb button_two_border_radius=\u00bb100px\u00bb button_two_letter_spacing=\u00bb0px\u00bb button_two_font=\u00bbRubik|700|||||||\u00bb button_two_use_icon=\u00bboff\u00bb custom_margin=\u00bb|||\u00bb custom_padding=\u00bb5vw||5vw|||\u00bb child_filter_opacity=\u00bb43%\u00bb animation_style=\u00bbslide\u00bb animation_direction=\u00bbbottom\u00bb animation_intensity_slide=\u00bb1%\u00bb content_font_size_tablet=\u00bb\u00bb content_font_size_phone=\u00bb16px\u00bb content_font_size_last_edited=\u00bbon|phone\u00bb subhead_font_size_tablet=\u00bb\u00bb subhead_font_size_phone=\u00bb30px\u00bb subhead_font_size_last_edited=\u00bbon|phone\u00bb box_shadow_style=\u00bbpreset6&#8243; box_shadow_vertical=\u00bb-10px\u00bb box_shadow_color=\u00bbrgba(0,0,0,0.2)\u00bb button_one_border_radius_hover=\u00bb100px\u00bb button_two_border_radius_hover=\u00bb100px\u00bb button_one_bg_color_hover=\u00bb#ff8a70&#8243; button_two_bg_color_hover=\u00bb#ff8a70&#8243; button_one_text_size__hover_enabled=\u00bboff\u00bb button_two_text_size__hover_enabled=\u00bboff\u00bb button_one_text_color__hover_enabled=\u00bboff\u00bb button_two_text_color__hover_enabled=\u00bboff\u00bb button_one_border_width__hover_enabled=\u00bboff\u00bb button_two_border_width__hover_enabled=\u00bboff\u00bb button_one_border_color__hover_enabled=\u00bboff\u00bb button_two_border_color__hover_enabled=\u00bboff\u00bb button_one_border_radius__hover_enabled=\u00bbon\u00bb button_one_border_radius__hover=\u00bb100px\u00bb button_two_border_radius__hover_enabled=\u00bbon\u00bb button_two_border_radius__hover=\u00bb100px\u00bb button_one_letter_spacing__hover_enabled=\u00bboff\u00bb button_two_letter_spacing__hover_enabled=\u00bboff\u00bb button_one_bg_color__hover_enabled=\u00bbon\u00bb button_one_bg_color__hover=\u00bb#ff8a70&#8243; button_two_bg_color__hover_enabled=\u00bbon\u00bb button_two_bg_color__hover=\u00bb#ff8a70&#8243;]<\/p>\n<p><span>Buscamos reducir las brechas que generan la\u00a0<\/span><span>desigualdad, la exclusi\u00f3n y las violencias en territorios y poblaciones socioculturalmente diversas,\u00a0<\/span><span>promoviendo, defendiendo y protegiendo los derechos de ni\u00f1os, ni\u00f1as, adolescentes, j\u00f3venes,\u00a0<\/span><span>mujeres, familias y comunidades en situaci\u00f3n de vulnerabilidad.<\/span><\/p>\n<p>[\/et_pb_fullwidth_header][\/et_pb_section][et_pb_section fb_built=\u00bb1&#8243; admin_label=\u00bbTestimonials\u00bb _builder_version=\u00bb3.22&#8243; use_background_color_gradient=\u00bbon\u00bb background_color_gradient_start=\u00bb#e3e3e8&#8243; background_color_gradient_end=\u00bb#ffffff\u00bb background_image=\u00bbhttps:\/\/www.fundacionchisua.org\/web\/wp-content\/uploads\/2019\/11\/shapes-bg-1.png\u00bb parallax=\u00bbon\u00bb custom_padding=\u00bb|||\u00bb][et_pb_row _builder_version=\u00bb3.25&#8243;][et_pb_column type=\u00bb4_4&#8243; _builder_version=\u00bb3.25&#8243; custom_padding=\u00bb|||\u00bb custom_padding__hover=\u00bb|||\u00bb][et_pb_text _builder_version=\u00bb3.27.4&#8243; text_font=\u00bbRubik|500|||||||\u00bb text_font_size=\u00bb16px\u00bb text_line_height=\u00bb2em\u00bb link_font=\u00bb||||||||\u00bb ul_font=\u00bb||||||||\u00bb ol_font=\u00bb||||||||\u00bb quote_font=\u00bb||||||||\u00bb header_font=\u00bb||||||||\u00bb header_2_font=\u00bbRubik|700|||||||\u00bb header_2_font_size=\u00bb40px\u00bb header_2_line_height=\u00bb1.4em\u00bb header_5_font=\u00bbRubik|700||on|||||\u00bb header_5_text_color=\u00bb#2b76df\u00bb header_5_letter_spacing=\u00bb5px\u00bb header_5_line_height=\u00bb1.5em\u00bb text_orientation=\u00bbcenter\u00bb max_width=\u00bb700px\u00bb module_alignment=\u00bbcenter\u00bb custom_margin=\u00bb|||\u00bb custom_margin_tablet=\u00bb0px|||\u00bb custom_margin_last_edited=\u00bboff|desktop\u00bb text_line_height_last_edited=\u00bboff|desktop\u00bb header_2_font_size_tablet=\u00bb\u00bb header_2_font_size_phone=\u00bb30px\u00bb header_2_font_size_last_edited=\u00bbon|phone\u00bb]<\/p>\n<h2>PROYECTOS DESTACADOS<\/h2>\n<p>[\/et_pb_text][\/et_pb_column][\/et_pb_row][et_pb_row column_structure=\u00bb1_3,1_3,1_3&#8243; _builder_version=\u00bb3.25&#8243;][et_pb_column type=\u00bb1_3&#8243; _builder_version=\u00bb3.25&#8243; custom_padding=\u00bb|||\u00bb custom_padding__hover=\u00bb|||\u00bb][et_pb_testimonial portrait_url=\u00bbhttps:\/\/www.fundacionchisua.org\/web\/wp-content\/uploads\/2019\/11\/Fundacion-chisua-quienes-somos-18.jpg\u00bb quote_icon=\u00bboff\u00bb admin_label=\u00bbTestimonial\u00bb _builder_version=\u00bb4.0.4&#8243; body_font=\u00bbRubik||||||||\u00bb body_line_height=\u00bb2em\u00bb background_color=\u00bb#ffffff\u00bb custom_margin=\u00bb|||\u00bb custom_padding=\u00bb7px|30px|7px|30px|true|true\u00bb animation_style=\u00bbzoom\u00bb animation_intensity_zoom=\u00bb10%\u00bb border_radii=\u00bbon|5px|5px|5px|5px\u00bb border_width_top=\u00bb10px\u00bb border_color_top=\u00bb#2b76df\u00bb box_shadow_style=\u00bbpreset3&#8243; box_shadow_blur=\u00bb49px\u00bb box_shadow_color=\u00bbrgba(0,0,0,0.06)\u00bb]<\/p>\n<p><strong class=\"et_pb_testimonial_author et-fb-editable-element et-fb-editable-element__editing\" data-shortcode-id=\"2.1.0.0-1573321833019\" data-quickaccess-id=\"author\" data-quickaccess-order=\"1\" contenteditable=\"true\">JUEGA Y APRENDE CON CHISUA<\/strong><\/p>\n<p><span>Con las comunidades estamos adelantando procesos para recuperar tradiciones, saberes, rituales y pr\u00e1cticas de la vida cotidiana.<\/span><\/p>\n<p>[\/et_pb_testimonial][\/et_pb_column][et_pb_column type=\u00bb1_3&#8243; _builder_version=\u00bb3.25&#8243; custom_padding=\u00bb|||\u00bb custom_padding__hover=\u00bb|||\u00bb][et_pb_testimonial portrait_url=\u00bbhttps:\/\/www.fundacionchisua.org\/web\/wp-content\/uploads\/2019\/11\/Fundacion-chisua-proyectos-8.jpg\u00bb quote_icon=\u00bboff\u00bb _builder_version=\u00bb4.0.4&#8243; body_font=\u00bbRubik||||||||\u00bb body_line_height=\u00bb2em\u00bb background_color=\u00bb#ffffff\u00bb custom_margin=\u00bb|||\u00bb custom_padding=\u00bb8px|30px|8px|30px|true|true\u00bb animation_style=\u00bbzoom\u00bb animation_intensity_zoom=\u00bb10%\u00bb border_radii=\u00bbon|5px|5px|5px|5px\u00bb border_color_all=\u00bb#000000&#8243; border_width_top=\u00bb10px\u00bb border_color_top=\u00bb#ff9c02&#8243; box_shadow_style=\u00bbpreset3&#8243; box_shadow_blur=\u00bb49px\u00bb box_shadow_color=\u00bbrgba(0,0,0,0.06)\u00bb]<\/p>\n<p><strong class=\"et_pb_testimonial_author et-fb-editable-element et-fb-editable-element__editing\" data-shortcode-id=\"2.1.0.0-1573321833019\" data-quickaccess-id=\"author\" data-quickaccess-order=\"1\" contenteditable=\"true\"><strong style=\"font-size: 14px;\">ECO-S.O.S.-CHISUA<\/strong><\/strong><\/p>\n<p><span>Sit\u00faa la necesidad de construir ecolog\u00edas medioambientales, mentales y sociales.<\/span><\/p>\n<p><span><\/span><\/p>\n<p><span><\/span><\/p>\n<p>[\/et_pb_testimonial][et_pb_button button_url=\u00bbhttps:\/\/www.fundacionchisua.org\/web\/proyectos\/\u00bb button_text=\u00bbVer m\u00e1s\u00bb button_alignment=\u00bbcenter\u00bb _builder_version=\u00bb4.0.4&#8243;][\/et_pb_button][\/et_pb_column][et_pb_column type=\u00bb1_3&#8243; _builder_version=\u00bb3.25&#8243; custom_padding=\u00bb|||\u00bb custom_padding__hover=\u00bb|||\u00bb][et_pb_testimonial portrait_url=\u00bbhttps:\/\/www.fundacionchisua.org\/web\/wp-content\/uploads\/2019\/11\/IMG-20191018-WA0012.jpg\u00bb quote_icon=\u00bboff\u00bb _builder_version=\u00bb4.0.4&#8243; body_font=\u00bbRubik||||||||\u00bb body_line_height=\u00bb2em\u00bb background_color=\u00bb#ffffff\u00bb custom_margin=\u00bb|||\u00bb custom_padding=\u00bb9px|30px|9px|30px|true|true\u00bb animation_style=\u00bbzoom\u00bb animation_intensity_zoom=\u00bb10%\u00bb border_radii=\u00bbon|5px|5px|5px|5px\u00bb border_width_top=\u00bb10px\u00bb border_color_top=\u00bb#ff7355&#8243; box_shadow_style=\u00bbpreset3&#8243; box_shadow_blur=\u00bb49px\u00bb box_shadow_color=\u00bbrgba(0,0,0,0.06)\u00bb]<\/p>\n<p><strong class=\"et_pb_testimonial_author et-fb-editable-element et-fb-editable-element__editing\" data-shortcode-id=\"2.1.0.0-1573321833019\" data-quickaccess-id=\"author\" data-quickaccess-order=\"1\" contenteditable=\"true\"><strong class=\"et_pb_testimonial_author et-fb-editable-element et-fb-editable-element et-fb-editable-element__editing\" data-shortcode-id=\"2.1.2.0-1573321833052\" data-quickaccess-id=\"author\" data-quickaccess-order=\"1\" contenteditable=\"true\">J\u00d3VENES CON MOCHILA<span style=\"font-size: 14px; font-weight: 500;\">\u00a0<\/span><\/strong><\/strong><\/p>\n<p><span>Es un programa de voluntariado juvenil desde el que se adelantan acciones de educaci\u00f3n popular y de liderazgo con las comunidades.<\/span><\/p>\n<p>[\/et_pb_testimonial][\/et_pb_column][\/et_pb_row][\/et_pb_section][et_pb_section fb_built=\u00bb1&#8243; _builder_version=\u00bb4.0.4&#8243;][et_pb_row column_structure=\u00bb1_2,1_2&#8243; admin_label=\u00bbRecommendations\u00bb _builder_version=\u00bb3.25&#8243; width=\u00bb100%\u00bb max_width=\u00bb100%\u00bb custom_padding=\u00bb|||\u00bb use_custom_width=\u00bbon\u00bb width_unit=\u00bboff\u00bb custom_width_percent=\u00bb100%\u00bb locked=\u00bboff\u00bb][et_pb_column type=\u00bb1_2&#8243; _builder_version=\u00bb3.25&#8243; custom_padding=\u00bb6%||6%|14%\u00bb custom_padding_tablet=\u00bb|10%||10%||true\u00bb custom_padding_phone=\u00bb\u00bb custom_padding_last_edited=\u00bbon|desktop\u00bb custom_padding__hover=\u00bb|||\u00bb][et_pb_text _builder_version=\u00bb4.0.4&#8243; text_font=\u00bbNoto Sans||||||||\u00bb text_font_size=\u00bb17px\u00bb text_line_height=\u00bb1.9em\u00bb header_text_align=\u00bbcenter\u00bb header_2_font=\u00bbRubik|700|||||||\u00bb header_2_font_size=\u00bb44px\u00bb header_2_line_height=\u00bb1.5em\u00bb module_alignment=\u00bbright\u00bb custom_margin=\u00bb60px||44px|||\u00bb header_2_font_size_tablet=\u00bb\u00bb header_2_font_size_phone=\u00bb34px\u00bb header_2_font_size_last_edited=\u00bbon|phone\u00bb locked=\u00bboff\u00bb]<\/p>\n<h2>Desde la Fundaci\u00f3n Chisua<\/h2>\n<p>[\/et_pb_text][et_pb_text _builder_version=\u00bb4.0.4&#8243; text_font=\u00bbNoto Sans||||||||\u00bb text_font_size=\u00bb16px\u00bb text_line_height=\u00bb2em\u00bb header_font=\u00bb||||||||\u00bb header_4_font=\u00bb|700|||||||\u00bb text_orientation=\u00bbjustified\u00bb module_alignment=\u00bbright\u00bb inline_fonts=\u00bbNoto Serif\u00bb]<\/p>\n<h4><span style=\"font-size: 36px; color: #facf7b; font-family: 'Noto Serif';\">1. <\/span>Somos conscientes que<\/h4>\n<p>la desigualdad va de la mano con la pobreza multidimensional en el pa\u00eds, por tal motivo buscamos reducir las brechas&#8230;[\/et_pb_text][et_pb_text _builder_version=\u00bb4.0.4&#8243; text_font=\u00bbNoto Sans||||||||\u00bb text_font_size=\u00bb16px\u00bb text_line_height=\u00bb2em\u00bb header_font=\u00bb||||||||\u00bb header_4_font=\u00bb|700|||||||\u00bb text_orientation=\u00bbjustified\u00bb module_alignment=\u00bbright\u00bb inline_fonts=\u00bbNoto Serif\u00bb]<\/p>\n<h4><span style=\"font-size: 36px; color: #facf7b; font-family: 'Noto Serif';\">2. <\/span>Por medio de los Objetivos<\/h4>\n<p>de Desarrollo Sustentable, creamos mecanismos de protecci\u00f3n e inclusi\u00f3n, promoci\u00f3n de la educaci\u00f3n&#8230;[\/et_pb_text][et_pb_button button_url=\u00bbhttps:\/\/www.fundacionchisua.org\/web\/quienes-somos\/\u00bb button_text=\u00bb\u00bfQui\u00e9nes Somos?\u00bb _builder_version=\u00bb4.0.4&#8243; custom_button=\u00bbon\u00bb button_text_size=\u00bb17px\u00bb button_bg_color=\u00bb#facf7b\u00bb button_border_width=\u00bb5px\u00bb button_border_color=\u00bb#facf7b\u00bb button_border_radius=\u00bb50px\u00bb button_font=\u00bbRubik|700||||on|||\u00bb button_use_icon=\u00bboff\u00bb background_layout=\u00bbdark\u00bb custom_margin=\u00bb|||\u00bb hover_enabled=\u00bb0&#8243; button_text_shadow_style=\u00bbpreset1&#8243; button_border_color_hover=\u00bb#ff9e59&#8243; button_bg_color_hover=\u00bb#ff9e59&#8243; locked=\u00bboff\u00bb button_text_size__hover_enabled=\u00bboff\u00bb button_one_text_size__hover_enabled=\u00bboff\u00bb button_two_text_size__hover_enabled=\u00bboff\u00bb button_text_color__hover_enabled=\u00bboff\u00bb button_one_text_color__hover_enabled=\u00bboff\u00bb button_two_text_color__hover_enabled=\u00bboff\u00bb button_border_width__hover_enabled=\u00bboff\u00bb button_one_border_width__hover_enabled=\u00bboff\u00bb button_two_border_width__hover_enabled=\u00bboff\u00bb button_border_color__hover_enabled=\u00bbon|desktop\u00bb button_border_color__hover=\u00bb#ff9e59&#8243; button_one_border_color__hover_enabled=\u00bboff\u00bb button_two_border_color__hover_enabled=\u00bboff\u00bb button_border_radius__hover_enabled=\u00bboff\u00bb button_one_border_radius__hover_enabled=\u00bboff\u00bb button_two_border_radius__hover_enabled=\u00bboff\u00bb button_letter_spacing__hover_enabled=\u00bboff\u00bb button_one_letter_spacing__hover_enabled=\u00bboff\u00bb button_two_letter_spacing__hover_enabled=\u00bboff\u00bb button_bg_color__hover_enabled=\u00bbon\u00bb button_bg_color__hover=\u00bb#ff9e59&#8243; button_one_bg_color__hover_enabled=\u00bboff\u00bb button_two_bg_color__hover_enabled=\u00bboff\u00bb button_alignment=\u00bbcenter\u00bb][\/et_pb_button][\/et_pb_column][et_pb_column type=\u00bb1_2&#8243; _builder_version=\u00bb3.25&#8243; custom_padding=\u00bb|||\u00bb custom_padding__hover=\u00bb|||\u00bb][et_pb_image src=\u00bbhttps:\/\/www.fundacionchisua.org\/web\/wp-content\/uploads\/2024\/06\/Fundaci\u00f3n-Chisua-Quienes-Somos-min.jpg\u00bb show_in_lightbox=\u00bbon\u00bb align=\u00bbright\u00bb force_fullwidth=\u00bbon\u00bb align_tablet=\u00bbcenter\u00bb align_phone=\u00bb\u00bb align_last_edited=\u00bbon|desktop\u00bb _builder_version=\u00bb4.0.4&#8243; custom_margin=\u00bb|||\u00bb custom_padding=\u00bb|||\u00bb animation_style=\u00bbfade\u00bb animation_direction=\u00bbright\u00bb hover_enabled=\u00bb0&#8243; border_radii=\u00bb|3px|||3px\u00bb box_shadow_style=\u00bbpreset3&#8243; box_shadow_horizontal=\u00bb33px\u00bb box_shadow_vertical=\u00bb52px\u00bb box_shadow_blur=\u00bb80px\u00bb box_shadow_spread=\u00bb0px\u00bb box_shadow_color=\u00bbrgba(0,36,73,0.07)\u00bb][\/et_pb_image][\/et_pb_column][\/et_pb_row][\/et_pb_section][et_pb_section fb_built=\u00bb1&#8243; _builder_version=\u00bb4.0.4&#8243; custom_padding=\u00bb5px|||||\u00bb][et_pb_row _builder_version=\u00bb4.0.4&#8243;][et_pb_column type=\u00bb4_4&#8243; _builder_version=\u00bb4.0.4&#8243;][et_pb_text _builder_version=\u00bb3.27.4&#8243; text_font=\u00bbRubik|500|||||||\u00bb text_font_size=\u00bb16px\u00bb text_line_height=\u00bb2em\u00bb link_font=\u00bb||||||||\u00bb ul_font=\u00bb||||||||\u00bb ol_font=\u00bb||||||||\u00bb quote_font=\u00bb||||||||\u00bb header_font=\u00bb||||||||\u00bb header_2_font=\u00bbRubik|700|||||||\u00bb header_2_font_size=\u00bb40px\u00bb header_2_line_height=\u00bb1.4em\u00bb header_5_font=\u00bbRubik|700||on|||||\u00bb header_5_text_color=\u00bb#2b76df\u00bb header_5_letter_spacing=\u00bb5px\u00bb header_5_line_height=\u00bb1.5em\u00bb text_orientation=\u00bbcenter\u00bb max_width=\u00bb700px\u00bb module_alignment=\u00bbcenter\u00bb custom_margin=\u00bb|||\u00bb custom_margin_tablet=\u00bb0px|||\u00bb custom_margin_last_edited=\u00bboff|desktop\u00bb text_line_height_last_edited=\u00bboff|desktop\u00bb header_2_font_size_tablet=\u00bb\u00bb header_2_font_size_phone=\u00bb30px\u00bb header_2_font_size_last_edited=\u00bbon|phone\u00bb locked=\u00bboff\u00bb]<\/p>\n<h2>ULTIMAS NOTICIAS<\/h2>\n<p>[\/et_pb_text][et_pb_post_slider posts_number=\u00bb4&#8243; include_categories=\u00bball\u00bb _builder_version=\u00bb4.0.4&#8243; background_enable_color=\u00bboff\u00bb][\/et_pb_post_slider][\/et_pb_column][\/et_pb_row][\/et_pb_section]<\/p>\n","protected":false},"excerpt":{"rendered":"<p>Buscamos reducir las brechas que generan la\u00a0desigualdad, la exclusi\u00f3n y las violencias en territorios y poblaciones socioculturalmente diversas,\u00a0promoviendo, defendiendo y protegiendo los derechos de ni\u00f1os, ni\u00f1as, adolescentes, j\u00f3venes,\u00a0mujeres, familias y comunidades en situaci\u00f3n de vulnerabilidad.PROYECTOS DESTACADOSJUEGA Y APRENDE CON CHISUA Con las comunidades estamos adelantando procesos para recuperar tradiciones, saberes, rituales y pr\u00e1cticas de la [&hellip;]<\/p>\n","protected":false},"author":1,"featured_media":0,"parent":0,"menu_order":0,"comment_status":"closed","ping_status":"closed","template":"","meta":{"_et_pb_use_builder":"on","_et_pb_old_content":"","_et_gb_content_width":"","footnotes":""},"_links":{"self":[{"href":"https:\/\/www.fundacionchisua.org\/web\/wp-json\/wp\/v2\/pages\/383"}],"collection":[{"href":"https:\/\/www.fundacionchisua.org\/web\/wp-json\/wp\/v2\/pages"}],"about":[{"href":"https:\/\/www.fundacionchisua.org\/web\/wp-json\/wp\/v2\/types\/page"}],"author":[{"embeddable":true,"href":"https:\/\/www.fundacionchisua.org\/web\/wp-json\/wp\/v2\/users\/1"}],"replies":[{"embeddable":true,"href":"https:\/\/www.fundacionchisua.org\/web\/wp-json\/wp\/v2\/comments?post=383"}],"version-history":[{"count":29,"href":"https:\/\/www.fundacionchisua.org\/web\/wp-json\/wp\/v2\/pages\/383\/revisions"}],"predecessor-version":[{"id":3655,"href":"https:\/\/www.fundacionchisua.org\/web\/wp-json\/wp\/v2\/pages\/383\/revisions\/3655"}],"wp:attachment":[{"href":"https:\/\/www.fundacionchisua.org\/web\/wp-json\/wp\/v2\/media?parent=383"}],"curies":[{"name":"wp","href":"https:\/\/api.w.org\/{rel}","templated":true}]}}